{"id":1561,"date":"2024-01-17T19:50:41","date_gmt":"2024-01-17T18:50:41","guid":{"rendered":"https:\/\/www.comitedequartiermessidor.be\/?page_id=1561"},"modified":"2024-01-17T23:11:03","modified_gmt":"2024-01-17T22:11:03","slug":"comite-de-quartier-durable","status":"publish","type":"page","link":"https:\/\/www.comitedequartiermessidor.be\/?page_id=1561","title":{"rendered":"Comit\u00e9 de quartier durable"},"content":{"rendered":"\n<ol>\n<li><strong>Pr\u00e9sentation et Historique<\/strong><\/li>\n<\/ol>\n<p>\u00a0<\/p>\n<p><strong>La Cit\u00e9 Messidor<\/strong> est un quartier situ\u00e9 \u00e0 cheval sur les communes d\u2019Uccle et de Forest. Elle est d\u00e9limit\u00e9e par les avenues Beukenberg et Vanderstraeten au nord, du Globe \u00e0 l\u2019est, du Jonc et de Haveskercke au sud et Denayer \u00e0 l\u2019ouest. Sur ce domaine de 30 ha, s\u2019\u00e9levait avant la construction de ce quartier, un ch\u00e2teau abandonn\u00e9 dans un domaine d\u00e9bois\u00e9 pendant la guerre par les habitants voisins \u00e0 la recherche de mat\u00e9riaux pour se chauffer. Gr\u00e2ce \u00e0 un r\u00e9seau de sentiers pi\u00e9tonniers, le quartier a un acc\u00e8s facile aux \u00e9quipements commerciaux, au centre de la commune, aux arr\u00eats de transports publics (dont la gare de Forest Est). Le quartier a \u00e9t\u00e9 et est toujours un quartier pilote en mati\u00e8re de coh\u00e9sion sociale ne f\u00fbt-ce que par sa gestion coop\u00e9rative et par son am\u00e9nagement en cit\u00e9 jardin (mi-ville, mi-campagne). Messidor,\u00a0 ce sont plus de 400 logements r\u00e9partis entre maisons unifamiliales et Habitats verticaux.<\/p>\n<p>\u00a0<\/p>\n<p><strong>Le comit\u00e9 du \u00abquartier durable et citoyen\u00bb de la cit\u00e9 Messidor<\/strong> a comme objectif premier de favoriser les contacts entre les habitants au sein du quartier (qu\u2019ils soient propri\u00e9taires ou locataires, belges ou non, habitant des maisons ou des appartements). Des animations comme les Jeudis Clubs, les ateliers Good Food, le projet AdopteUnPlant, les journ\u00e9es portes ouvertes au Rucher\u2026contribuent \u00e0 la r\u00e9alisation de cet objectif. L\u2019association vise \u00e0 r\u00e9actualiser et rendre les lettres de noblesse \u00e0 cet esprit coop\u00e9rateur \u00e0 travers ces projets mobilisateurs de \u00abquartier durable et citoyen\u00bb. Elle r\u00e9pond aussi aux besoins de solidarit\u00e9 et de convivialit\u00e9, de qualit\u00e9 de vie et d\u2019appartenance \u00e0 une communaut\u00e9. Elle recherche une meilleure implication des habitants dans les choix d\u2019am\u00e9nagement. Elle invite par ailleurs, \u00e0 une r\u00e9flexion commune sur la fa\u00e7on de consommer, se d\u00e9placer, se chauffer, s\u2019alimenter, vivre ensemble\u2026<\/p>\n<p>\u00a0<\/p>\n<p>L\u2019implication des habitants de la cit\u00e9 pour les questions de d\u00e9veloppement durable et de solidarit\u00e9 est d\u00e9j\u00e0 pr\u00e9sente depuis longtemps, lorsque celui-ci se mobilise avec d\u2019autres, contre le projet d\u2019incin\u00e9rateur de Drogenbos. Gr\u00e2ce \u00e0 l\u2019aide de la Fondation Roi Baudouin et de son projet \u00ab Quartiers de Vie \u00bb, la r\u00e9flexion d\u00e9marre par la question : \u00ab Quel quartier voulons-nous ? \u00ab\u00a0 Un site web voit le jour : <a href=\"http:\/\/www.comitedequartiermessidor.be\">www.comitedequartiermessidor.be<\/a><\/p>\n<p>\u00a0<\/p>\n<p>En 2009, le comit\u00e9 de quartier obtient, du ministre de la Politique des Grandes Villes, une subvention (5000\u20ac) pour l\u2019\u00e9tablissement d\u2019un bilan carbone global du quartier. Celui-ci r\u00e9v\u00e8le clairement (sur base d\u2019une enqu\u00eate repr\u00e9sentative aupr\u00e8s des habitants) que le poste \u00abd\u00e9placements\u00bb suivi du poste \u00ab\u00e9nergie\u00bb sont \u00e0 l\u2019origine de la plus grande partie des \u00e9missions des gaz \u00e0 effet de serre (pour respectivement 44% et 33% des \u00e9missions totales de CO\u00b2). Ces r\u00e9sultats contribuent \u00e0 sensibiliser les habitants \u00e0 leur responsabilit\u00e9 dans la probl\u00e9matique \u00e9nerg\u00e9tique et du changement climatique et incitent certains \u00e0 faire des choix. Toutes ces initiatives servent de levier pour l\u2019obtention d\u2019autres subsides, mais donnent surtout envie d\u2019agir ensemble autour du projet \u2018Messidor Durable&rsquo;. Le comit\u00e9 estime avoir les bases suffisantes et les forces requises. Le 28 ao\u00fbt 2010 il donne le coup d\u2019envoi et d\u00e9cide de r\u00e9pondre \u00e0 l\u2019appel \u00e0 projets des \u00ab Quartiers durables \u00bb lanc\u00e9 par Bruxelles-Environnement. Un groupe pilote se constitue. Gr\u00e2ce aux comp\u00e9tences et exp\u00e9riences tr\u00e8s vari\u00e9es, comme l\u2019organisation des f\u00eates; la mise en place d\u2019un projet \u00ababeilles\u00bb recevant des scolaires; la sensibilisation aux aspects de l\u2019\u00e9nergie et de l\u2019\u00e9co mobilit\u00e9, la mobilisation pour la th\u00e9matique de l\u2019alimentation durable, de la biodiversit\u00e9 et de l\u2019eau. R\u00eavons Messidor se cr\u00e9e, il b\u00e9n\u00e9ficie de soutien tr\u00e8s efficace des coachs experts, successivement Lise, Anne et Arnaud, d\u00e9l\u00e9gu\u00e9s par Bruxelles-Environnement. Les projets et pr\u00e9occupations sont par ailleurs soutenus par le conseil d\u2019administration de la soci\u00e9t\u00e9 coop\u00e9rative ABC. Les habitants ont de nombreuses antennes \u00e0 l\u2019ext\u00e9rieur du quartier dans des associations actives en mati\u00e8re d\u2019environnement, au sein du r\u00e9seau \u00ab Quartiers durables \u00bb, avec la commune (service pr\u00e9vention ou de mobilit\u00e9), des \u00e9tudiants ou passionn\u00e9s en herboriste, etc.<\/p>\n<p>\u00a0<\/p>\n<p>En 2012 et 2013 dans le cadre du Projet d\u2019Int\u00e9r\u00eat Collectif (PIC) de \u00ab R\u00eavons Messidor \u00bb (d\u2019un montant global de 12 500 \u20ac), les r\u00e9flexions et sensibilisations diverses men\u00e9es en 2011, sont concr\u00e9tis\u00e9es. Le PIC est centr\u00e9 tout d\u2019abord sur le projet abeilles par la construction d\u2019un abri pour le rucher et l\u2019achat de mat\u00e9riel d\u2019apiculture. Ensuite, une \u00e9tude d\u2019\u00e9co-am\u00e9nagement de quatre zones du quartier est r\u00e9alis\u00e9e par le paysagiste Gaetan Sautois et permet de d\u00e9gager avec les habitants, les communes d\u2019Uccle et de Forest, les experts du service des quartiers durables de Bruxelles Environnement et la soci\u00e9t\u00e9 coop\u00e9rative, de nouvelles pistes d\u2019am\u00e9nagement. Toutes visent \u00e0 am\u00e9liorer la biodiversit\u00e9, la mobilit\u00e9 douce et la rencontre des habitants. Un panneau d\u2019information est plac\u00e9 au centre du quartier. Au vu des d\u00e9fis en mati\u00e8re de mobilit\u00e9 (voiries en \u00e9pingle \u00e0 cheveux, sens uniques divers\u2026), une carte d\u2019accessibilit\u00e9 du quartier est r\u00e9alis\u00e9e par la dessinatrice Coline Sauvand. Elle invite les habitants \u00e0 bouger malin et propose des alternatives \u00e0 la voiture, comme le train, le tram, le bus et\u00a0 souligne l\u2019acc\u00e8s souvent ais\u00e9 \u00e0 pied par les sentiers aux commerces ou \u00e9quipements de quartier invitant \u00e0 privil\u00e9gier une mobilit\u00e9 plus douce. L\u2019id\u00e9e est de se d\u00e9placer le plus rapidement et le plus efficacement possible tout en \u00e9conomisant et en r\u00e9duisant son impact sur l\u2019environnement. C\u2019est bon pour le portefeuille, la qualit\u00e9 de vie, la sant\u00e9, l\u2019environnement. Dans le cadre du m\u00eame PIC, nous r\u00e9alisons ensemble un projet d\u2019am\u00e9nagement sur la Plaine d\u2019Anjou. La vigne et le raisin qui constituent les embl\u00e8mes de notre quartier (il suffit de voir les noms des rues) en sont le fil conducteur. En outre, des arbres y sont plant\u00e9s, des prairies fleuries sem\u00e9es et une toiture v\u00e9g\u00e9tale r\u00e9alis\u00e9e afin de prot\u00e9ger le rucher. \u00c0 chaque fois c\u2019est l\u2019occasion de faire la f\u00eate en toute convivialit\u00e9. Gr\u00e2ce au projet du Corridor Ecologique et des Rivi\u00e8res Urbaines, la commune octroie un petit subside pour la plantation de quelques vignes suppl\u00e9mentaires.<\/p>\n<p>\u00a0<\/p>\n<p>Le projet \u00ab converger \u00bb visait \u00e0 cr\u00e9er et \u00e0 faire vivre un verger et une vigne au centre de la Cit\u00e9 Messidor sur le site dit \u00ab de la sapini\u00e8re \u00bb avec la participation de tous les habitants. Ce site est la zone la plus visible et la plus centrale du quartier. Ce projet, dont les pr\u00e9mices d\u00e9butent en 2013, est cofinanc\u00e9 par Bruxelles-Environnement dans le cadre du projet \u00ab quartiers durables et citoyens \u00bb (pour un montant de 15.000 \u20ac) et par le Fonds Delhaize (pour un montant de 5.000\u20ac). Projet d\u2019envergure n\u00e9cessitant r\u00e9flexion avis d\u2019experts, \u00e9tudes (analyse de sol, implantation) avant d\u2019envisager l\u2019abattage et le dessouchage des cinquante sapins d\u00e9cr\u00e9pis (septembre 2014), mais ancr\u00e9s depuis plus de 60 ans.<\/p>\n<p>\u00a0<\/p>\n<p>Il s\u2019agit d\u2019une v\u00e9ritable sociocratie o\u00f9 l\u2019on d\u00e9bat de la cr\u00e9ation de l\u2019\u0153uvre d\u2019art , de l\u2019atelier de construction des jardini\u00e8res \u00e0 l\u00e9gumes et plantes aromatiques, ainsi que d\u2019animations diverses comme ateliers de cuisine, plantation des vignes, cueillettes et r\u00e9coltes, production de vin et cidre, entretien du site, tailles des arbres fruitiers et vignes (formations), cr\u00e9ation de fascines, r\u00e9alisation d\u2019un refuge \u00e0 insectes, acquisition de nouveau mat\u00e9riel\u00a0 etc.<\/p>\n<p>\u00a0<\/p>\n<p><strong>P\u00e9rim\u00e8tre du Quartier Durable Citoyen : <\/strong><\/p>\n<p>En route pour une visite Virtuelle du Quartier Durable Messidor\u00a0! D\u00e9couvrez notre quartier en image et nos projets futurs et en cours :\u00a0<\/p>\n<p>cliquez sur ce lien\u00a0:<br \/><em><a href=\"https:\/\/earth.google.com\/earth\/rpc\/cc\/drive?state=%7B%22ids%22%3A%5B%221JGJU19JjpgrDlr1CK2SBZvsJRFAeq7wQ%22%5D%2C%22action%22%3A%22open%22%2C%22userId%22%3A%22111899943703393358734%22%7D&amp;usp=sharing\">https:\/\/earth.google.com\/earth\/rpc\/cc\/drive?state=%7B%22ids%22%3A%5B%221JGJU19JjpgrDlr1CK2SBZvsJRFAeq7wQ%22%5D%2C%22action%22%3A%22open%22%2C%22userId%22%3A%22111899943703393358734%22%7D&amp;usp=sharing<\/a><\/em><\/p>\n<ul>\n<li>Double cliquez sur la terre<\/li>\n<li>Dans la colonne de gauche de votre page, cliquez sur le signe \u00ab\u00a0Play \u2013 Lire\u00a0\u00bb.\u00a0<\/li>\n<li>En bas de page \u00e0 gauche, utilisez les fl\u00e8ches pour naviguer dans la cit\u00e9.\u00a0<\/li>\n<li>Des petites fiches explicatives en haut \u00e0 droite et des liens web vous apporterons plus d&rsquo;informations sur nos projets. N&rsquo;h\u00e9sitez pas \u00e0 les consulter.\u00a0<\/li>\n<li>Bon visionnage\u00a0! \u00a0<\/li>\n<\/ul>\n","protected":false},"excerpt":{"rendered":"<p>Pr\u00e9sentation et Historique \u00a0 La Cit\u00e9 Messidor est un quartier situ\u00e9 \u00e0 cheval sur les communes d\u2019Uccle et de Forest. Elle est d\u00e9limit\u00e9e par les avenues Beukenberg et Vanderstraeten au nord, du Globe \u00e0 l\u2019est, du Jonc et de Haveskercke &hellip; <a href=\"https:\/\/www.comitedequartiermessidor.be\/?page_id=1561\">Continuer la lecture <span class=\"meta-nav\">&rarr;<\/span><\/a><\/p>\n","protected":false},"author":1,"featured_media":0,"parent":76,"menu_order":1,"comment_status":"closed","ping_status":"closed","template":"","meta":{"jetpack_post_was_ever_published":false,"footnotes":""},"folder":[],"jetpack_sharing_enabled":true,"_links":{"self":[{"href":"https:\/\/www.comitedequartiermessidor.be\/index.php?rest_route=\/wp\/v2\/pages\/1561"}],"collection":[{"href":"https:\/\/www.comitedequartiermessidor.be\/index.php?rest_route=\/wp\/v2\/pages"}],"about":[{"href":"https:\/\/www.comitedequartiermessidor.be\/index.php?rest_route=\/wp\/v2\/types\/page"}],"author":[{"embeddable":true,"href":"https:\/\/www.comitedequartiermessidor.be\/index.php?rest_route=\/wp\/v2\/users\/1"}],"replies":[{"embeddable":true,"href":"https:\/\/www.comitedequartiermessidor.be\/index.php?rest_route=%2Fwp%2Fv2%2Fcomments&post=1561"}],"version-history":[{"count":2,"href":"https:\/\/www.comitedequartiermessidor.be\/index.php?rest_route=\/wp\/v2\/pages\/1561\/revisions"}],"predecessor-version":[{"id":1599,"href":"https:\/\/www.comitedequartiermessidor.be\/index.php?rest_route=\/wp\/v2\/pages\/1561\/revisions\/1599"}],"up":[{"embeddable":true,"href":"https:\/\/www.comitedequartiermessidor.be\/index.php?rest_route=\/wp\/v2\/pages\/76"}],"wp:attachment":[{"href":"https:\/\/www.comitedequartiermessidor.be\/index.php?rest_route=%2Fwp%2Fv2%2Fmedia&parent=1561"}],"wp:term":[{"taxonomy":"folder","embeddable":true,"href":"https:\/\/www.comitedequartiermessidor.be\/index.php?rest_route=%2Fwp%2Fv2%2Ffolder&post=1561"}],"curies":[{"name":"wp","href":"https:\/\/api.w.org\/{rel}","templated":true}]}}